{"id":2906,"date":"2024-02-29T14:38:08","date_gmt":"2024-02-29T13:38:08","guid":{"rendered":"https:\/\/edicionesvia.com\/?post_type=product&#038;p=2906"},"modified":"2024-11-22T13:41:28","modified_gmt":"2024-11-22T12:41:28","slug":"en-el-corazon-de-lo-impensable","status":"publish","type":"product","link":"https:\/\/edicionesvia.com\/index.php\/product\/en-el-corazon-de-lo-impensable\/","title":{"rendered":"EN EL CORAZ\u00d3N DE LO IMPENSABLE"},"content":{"rendered":"\t\t<div data-elementor-type=\"product-post\" data-elementor-id=\"2906\" class=\"elementor elementor-2906\" data-elementor-settings=\"[]\">\n\t\t\t\t\t\t<div class=\"elementor-inner\">\n\t\t\t\t\t\t\t<div class=\"elementor-section-wrap\">\n\t\t\t\t\t\t\t<section class=\"elementor-section elementor-top-section elementor-element elementor-element-5af430b elementor-section-boxed elementor-section-height-default elementor-section-height-default\" data-id=\"5af430b\" data-element_type=\"section\">\n\t\t\t\t\t\t<div class=\"elementor-container elementor-column-gap-default\">\n\t\t\t\t\t\t\t<div class=\"elementor-row\">\n\t\t\t\t\t<div class=\"elementor-column elementor-col-33 elementor-top-column elementor-element elementor-element-db9fc78\" data-id=\"db9fc78\" data-element_type=\"column\">\n\t\t\t<div class=\"elementor-column-wrap elementor-element-populated\">\n\t\t\t\t\t\t\t<div class=\"elementor-widget-wrap\">\n\t\t\t\t\t\t<div class=\"elementor-element elementor-element-01421ad elementor-widget-divider--view-line elementor-widget elementor-widget-divider\" data-id=\"01421ad\" data-element_type=\"widget\" data-widget_type=\"divider.default\">\n\t\t\t\t<div class=\"elementor-widget-container\">\n\t\t\t\t\t<div class=\"elementor-divider\">\n\t\t\t<span class=\"elementor-divider-separator\">\n\t\t\t\t\t\t<\/span>\n\t\t<\/div>\n\t\t\t\t<\/div>\n\t\t\t\t<\/div>\n\t\t\t\t<div class=\"elementor-element elementor-element-d17800a elementor-widget elementor-widget-image\" data-id=\"d17800a\" data-element_type=\"widget\" data-widget_type=\"image.default\">\n\t\t\t\t<div class=\"elementor-widget-container\">\n\t\t\t\t\t\t\t\t<div class=\"elementor-image\">\n\t\t\t\t\t\t\t\t\t\t\t\t\t<a href=\"https:\/\/edicionesvia.com\/?post_type=product&#038;p=2906&#038;preview=true\">\n\t\t\t\t\t\t\t<img src=\"https:\/\/edicionesvia.com\/wp-content\/uploads\/elementor\/thumbs\/Portada-Corazon-qkix3s29usl5wwt9lwxaoy1pocwjhkb8suzxhr649s.jpg\" title=\"Portada Coraz\u00f3n\" alt=\"Portada Coraz\u00f3n\" \/>\t\t\t\t\t\t\t\t<\/a>\n\t\t\t\t\t\t\t\t\t\t\t\t\t\t<\/div>\n\t\t\t\t\t\t<\/div>\n\t\t\t\t<\/div>\n\t\t\t\t<div class=\"elementor-element elementor-element-32681f1 elementor-widget elementor-widget-heading\" data-id=\"32681f1\" data-element_type=\"widget\" data-widget_type=\"heading.default\">\n\t\t\t\t<div class=\"elementor-widget-container\">\n\t\t\t<h3 class=\"elementor-heading-title elementor-size-default\"><a href=\"https:\/\/edicionesvia.com\/index.php\/product\/ma-anandamayi-yoga\/\">140 Pag. 15\u20ac<\/a><\/h3>\t\t<\/div>\n\t\t\t\t<\/div>\n\t\t\t\t<div class=\"elementor-element elementor-element-034e8a9 elementor-menu-cart--items-indicator-plain toggle-icon--cart-medium elementor-menu-cart--show-subtotal-yes elementor-menu-cart--cart-type-side-cart elementor-menu-cart--show-remove-button-yes elementor-widget elementor-widget-woocommerce-menu-cart\" data-id=\"034e8a9\" data-element_type=\"widget\" data-settings=\"{&quot;cart_type&quot;:&quot;side-cart&quot;,&quot;open_cart&quot;:&quot;click&quot;,&quot;automatically_open_cart&quot;:&quot;no&quot;}\" data-widget_type=\"woocommerce-menu-cart.default\">\n\t\t\t\t<div class=\"elementor-widget-container\">\n\t\t\t\t\t<div class=\"elementor-menu-cart__wrapper\">\n\t\t\t\t\t\t\t<div class=\"elementor-menu-cart__toggle_wrapper\">\n\t\t\t\t\t<div class=\"elementor-menu-cart__container elementor-lightbox\" aria-hidden=\"true\">\n\t\t\t\t\t\t<div class=\"elementor-menu-cart__main\" aria-hidden=\"true\">\n\t\t\t\t\t\t\t<div class=\"elementor-menu-cart__close-button\"><\/div>\n\t\t\t\t\t\t\t<div class=\"widget_shopping_cart_content\">\n\t\t\t\t\t\t\t\t\t<div class=\"woocommerce-mini-cart__empty-message\">No hay productos en el carrito.<\/div>\n\t\t\t\t\t\t\t<\/div>\n\t\t\t\t\t\t<\/div>\n\t\t\t\t\t<\/div>\n\t\t\t\t\t\t\t<div class=\"elementor-menu-cart__toggle elementor-button-wrapper\">\n\t\t\t<a id=\"elementor-menu-cart__toggle_button\" href=\"#\" class=\"elementor-menu-cart__toggle_button elementor-button elementor-size-sm\" aria-expanded=\"false\">\n\t\t\t\t<span class=\"elementor-button-text\"><span class=\"woocommerce-Price-amount amount\"><span class=\"woocommerce-Price-currencySymbol\">&euro;<\/span>0.00<\/span><\/span>\n\t\t\t\t<span class=\"elementor-button-icon\" data-counter=\"0\">\n\t\t\t\t\t<i class=\"eicon\"><\/i>\n\t\t\t\t\t<span class=\"elementor-screen-only\">Carrito<\/span>\n\t\t\t\t<\/span>\n\t\t\t<\/a>\n\t\t<\/div>\n\t\t\t\t\t\t<\/div>\n\t\t\t\t\t<\/div> <!-- close elementor-menu-cart__wrapper -->\n\t\t\t\t<\/div>\n\t\t\t\t<\/div>\n\t\t\t\t<div class=\"elementor-element elementor-element-85e9bb5 elementor-align-center elementor-widget elementor-widget-wc-add-to-cart\" data-id=\"85e9bb5\" data-element_type=\"widget\" data-widget_type=\"wc-add-to-cart.default\">\n\t\t\t\t<div class=\"elementor-widget-container\">\n\t\t\t\t\t<div class=\"elementor-button-wrapper\">\n\t\t\t<a rel=\"nofollow\" href=\"?add-to-cart=2906\" data-quantity=\"1\" data-product_id=\"2906\" class=\"product_type_simple add_to_cart_button ajax_add_to_cart elementor-button elementor-size-sm\" role=\"button\">\n\t\t\t\t\t\t<span class=\"elementor-button-content-wrapper\">\n\t\t\t\t\t\t<span class=\"elementor-button-icon elementor-align-icon-left\">\n\t\t\t\t<i aria-hidden=\"true\" class=\"fas fa-shopping-cart\"><\/i>\t\t\t<\/span>\n\t\t\t\t\t\t<span class=\"elementor-button-text\">A\u00f1adir al carro<\/span>\n\t\t<\/span>\n\t\t\t\t\t<\/a>\n\t\t<\/div>\n\t\t\t\t<\/div>\n\t\t\t\t<\/div>\n\t\t\t\t\t\t<\/div>\n\t\t\t\t\t<\/div>\n\t\t<\/div>\n\t\t\t\t<div class=\"elementor-column elementor-col-66 elementor-top-column elementor-element elementor-element-dbd25f7\" data-id=\"dbd25f7\" data-element_type=\"column\">\n\t\t\t<div class=\"elementor-column-wrap elementor-element-populated\">\n\t\t\t\t\t\t\t<div class=\"elementor-widget-wrap\">\n\t\t\t\t\t\t<div class=\"elementor-element elementor-element-ff6dc4f elementor-widget-divider--view-line elementor-widget elementor-widget-divider\" data-id=\"ff6dc4f\" data-element_type=\"widget\" data-widget_type=\"divider.default\">\n\t\t\t\t<div class=\"elementor-widget-container\">\n\t\t\t\t\t<div class=\"elementor-divider\">\n\t\t\t<span class=\"elementor-divider-separator\">\n\t\t\t\t\t\t<\/span>\n\t\t<\/div>\n\t\t\t\t<\/div>\n\t\t\t\t<\/div>\n\t\t\t\t<div class=\"elementor-element elementor-element-74b6cda elementor-widget elementor-widget-text-editor\" data-id=\"74b6cda\" data-element_type=\"widget\" data-widget_type=\"text-editor.default\">\n\t\t\t\t<div class=\"elementor-widget-container\">\n\t\t\t\t\t\t\t\t<div class=\"elementor-text-editor elementor-clearfix\">\n\t\t\t\t<h1 style=\"text-align: center;\"><strong>\u00a0 EN EL CORAZ\u00d3N <\/strong><\/h1><h1 style=\"text-align: center;\"><strong>\u00a0 \u00a0 \u00a0 \u00a0 \u00a0 \u00a0 \u00a0 \u00a0 \u00a0 \u00a0 DE LO IMPENSABLE<\/strong>\u00a0 \u00a0 \u00a0 \u00a0 \u00a0 \u00a0 \u00a0 \u00a0 \u00a0\u00a0<\/h1><h2 style=\"text-align: center;\"><strong>Psiquiatr\u00eda, psicoterapia y espiritualidad<\/strong><\/h2><h3 style=\"text-align: center;\"><span style=\"color: #003300;\"><i>Jean-Marc Mantel<\/i><\/span><\/h3><div>\u00a0<\/div><p>\u00a0 \u00a0 \u00a0 \u00a0 \u00a0 \u00a0 El Dr. Jean Marc Mantel, complet\u00f3 sus estudios de Psiquiatr\u00eda en la Facultad de Medicina de Paris.<br \/>\u00a0 \u00a0 \u00a0 \u00a0 \u00a0 \u00a0 Profundiz\u00f3 y se interes\u00f3 por las ense\u00f1anzas del conocimiento de s\u00ed mismo, transmitidas por Krishnamurti, Ramana Maharshi y Jean Klein. Con este \u00faltimo estudi\u00f3 el autoconocimiento, la meditaci\u00f3n y los enfoques sutiles del yoga. Fund\u00f3 la \u201cAsociaci\u00f3n Internacional de Psiquiatr\u00eda Espiritual\u201d que ha desarrollado numerosos eventos intentando integrar salud mental y espiritual, m\u00e1s recientemente cre\u00f3 la asociaci\u00f3n \u201cEssence\u201d dedicada a la sabidur\u00eda no dual.<br \/>\u00a0 \u00a0 \u00a0 \u00a0 \u00a0 \u00a0 \u201cLa palabra espiritual toca nuestra dimensi\u00f3n m\u00e1s \u00edntima, esa que apenas se puede compartir. Dejando revelarse esta dimensi\u00f3n del ser, aparece una vulnerabilidad nueva, no en el seno de una fragilidad, sino en una sensibilidad despojada de las defensas construidas por la personalidad. Las cuestiones relativas a esta parte de nosotros se remiten a m\u00faltiples causas de esquemas preestablecidos, inculcados por la educaci\u00f3n y el medio ambiente. <br \/>\u00a0 \u00a0 \u00a0 \u00a0 \u00a0 \u00a0 La comprensi\u00f3n invita a un abandono total, a un soltar presa completa de todo eso que se piensa ser, de todo eso que se cree ser.<br \/>\u00a0 \u00a0 \u00a0 \u00a0 \u00a0 \u00a0 Esta ausencia de nosotros mismos se revela como una presencia portadora de una indescriptible belleza.<br \/>\u00a0 \u00a0 \u00a0 \u00a0 \u00a0 \u00a0 Vivir la belleza en su esencia, vivir una plenitud sin objeto, ah\u00ed est\u00e1 el fin de una terapia que habr\u00e1 visto la muerte del yo reemplazada por la vida en si misma.\u201d<\/p>\t\t\t\t\t<\/div>\n\t\t\t\t\t\t<\/div>\n\t\t\t\t<\/div>\n\t\t\t\t\t\t<\/div>\n\t\t\t\t\t<\/div>\n\t\t<\/div>\n\t\t\t\t\t\t\t\t<\/div>\n\t\t\t\t\t<\/div>\n\t\t<\/section>\n\t\t\t\t<section class=\"elementor-section elementor-top-section elementor-element elementor-element-368329c elementor-section-boxed elementor-section-height-default elementor-section-height-default\" data-id=\"368329c\" data-element_type=\"section\">\n\t\t\t\t\t\t<div class=\"elementor-container elementor-column-gap-default\">\n\t\t\t\t\t\t\t<div class=\"elementor-row\">\n\t\t\t\t\t<div class=\"elementor-column elementor-col-100 elementor-top-column elementor-element elementor-element-8be4a98\" data-id=\"8be4a98\" data-element_type=\"column\">\n\t\t\t<div class=\"elementor-column-wrap elementor-element-populated\">\n\t\t\t\t\t\t\t<div class=\"elementor-widget-wrap\">\n\t\t\t\t\t\t<div class=\"elementor-element elementor-element-15c71b5 elementor-widget elementor-widget-heading\" data-id=\"15c71b5\" data-element_type=\"widget\" data-widget_type=\"heading.default\">\n\t\t\t\t<div class=\"elementor-widget-container\">\n\t\t\t<h2 class=\"elementor-heading-title elementor-size-default\">FRAGMENTO DE LA OBRA:<br>-------------------------------------<\/h2>\t\t<\/div>\n\t\t\t\t<\/div>\n\t\t\t\t\t\t<\/div>\n\t\t\t\t\t<\/div>\n\t\t<\/div>\n\t\t\t\t\t\t\t\t<\/div>\n\t\t\t\t\t<\/div>\n\t\t<\/section>\n\t\t\t\t<section class=\"elementor-section elementor-top-section elementor-element elementor-element-c242a42 elementor-section-boxed elementor-section-height-default elementor-section-height-default\" data-id=\"c242a42\" data-element_type=\"section\">\n\t\t\t\t\t\t<div class=\"elementor-container elementor-column-gap-default\">\n\t\t\t\t\t\t\t<div class=\"elementor-row\">\n\t\t\t\t\t<div class=\"elementor-column elementor-col-100 elementor-top-column elementor-element elementor-element-58ee699\" data-id=\"58ee699\" data-element_type=\"column\">\n\t\t\t<div class=\"elementor-column-wrap elementor-element-populated\">\n\t\t\t\t\t\t\t<div class=\"elementor-widget-wrap\">\n\t\t\t\t\t\t<div class=\"elementor-element elementor-element-e641fcf elementor-widget elementor-widget-text-editor\" data-id=\"e641fcf\" data-element_type=\"widget\" data-widget_type=\"text-editor.default\">\n\t\t\t\t<div class=\"elementor-widget-container\">\n\t\t\t\t\t\t\t\t<div class=\"elementor-text-editor elementor-clearfix\">\n\t\t\t\t<h2><strong>Sufrimiento y liberaci\u00f3n<\/strong><\/h2><p>La cuesti\u00f3n del origen del sufrimiento y la posibilidad<br \/>de liberarse de \u00e9l es fundamental para el funcionamiento<br \/>humano.<br \/>Una vez que comprendemos que el sufrimiento no<br \/>se origina fuera de nosotros, estamos preparados para<br \/>explorar el funcionamiento interno que lo genera.<br \/>\u00bfCu\u00e1les son las tendencias que podemos identificar<br \/>como causas del sufrimiento?<br \/>En primer lugar, el rechazo. Es un h\u00e1bito profundamente<br \/>arraigado en nuestro funcionamiento rechazar<br \/>una situaci\u00f3n que se nos presenta. Este rechazo suele estar<br \/>ligado a la memoria, que nos hace recordar una reacci\u00f3n<br \/>dolorosa ante una situaci\u00f3n similar, o una reacci\u00f3n<br \/>alegre ante la situaci\u00f3n opuesta.<br \/>Lo contrario del rechazo es la aceptaci\u00f3n. Se habla<br \/>mucho de aceptaci\u00f3n en los llamados enfoques de \u201cdesarrollo personal\u201d. Pero la aceptaci\u00f3n no es un proceso<br \/>intelectual. Es la expresi\u00f3n de una sabidur\u00eda profunda<br \/>que nos permite vivir las circunstancias y las situaciones<br \/>como una oportunidad \u00fanica de comprensi\u00f3n y transformaci\u00f3n.<br \/>El movimiento de los sentimientos y las situaciones<br \/>es entonces una oportunidad para dejar atr\u00e1s<br \/>la habitual necesidad de seguridad, que busca arreglar las<br \/>cosas, para descubrir una vida que sigue el movimiento y<br \/>la transformaci\u00f3n. La aceptaci\u00f3n es la capacidad natural<br \/>de vivir sin predeterminaci\u00f3n mental, en un esp\u00edritu de<br \/>apertura y escucha de lo que viene. En segundo lugar,<br \/>la identificaci\u00f3n. Es natural identificarse con lo que vemos,<br \/>y lo primero que vemos es el cuerpo, con su amplio<br \/>abanico de sensaciones, las emociones que surgen seg\u00fan<br \/>dictan las circunstancias y los pensamientos que van y<br \/>vienen. La cultura y la educaci\u00f3n nos han condicionado<br \/>para aceptar que el cuerpo que tenemos ante los ojos<br \/>es igual a nosotros. As\u00ed, estamos convencidos de que ese<br \/>cuerpo somos nosotros, y hay que recorrer un largo camino<br \/>para empezar a comprender que somos el habitante<br \/>del cuerpo, pero no la envoltura misma.<br \/>Cuando suena la frase \u201cYo no soy el cuerpo\u201d, se crea<br \/>una perplejidad que desaf\u00eda los h\u00e1bitos establecidos. Se<br \/>produce un cuestionamiento silencioso. Es la ocasi\u00f3n<br \/>para que se manifieste una realidad que est\u00e1 detr\u00e1s del<br \/>cuerpo: una presencia vibrante, sin palabras, que sabe<br \/>ser, pero que no puede describirse con palabras. Es aqu\u00ed<br \/>donde descubrimos una estabilidad y una permanencia<br \/>que ni siquiera la muerte parece poner en tela de juicio.<\/p><p>En tercer lugar, la b\u00fasqueda de seguridad y la frustraci\u00f3n<br \/>de no encontrarla nunca. La personalidad busca<br \/>constantemente la seguridad, se opone al cambio y se aferra<br \/>a los puntos de referencia establecidos. La necesidad<br \/>de convencer, de controlar y de dominar es la expresi\u00f3n<br \/>de esta tendencia del yo a querer inmovilizar un bienestar<br \/>relativo y a huir de las circunstancias que ponen en<br \/>tela de juicio esta pseudoseguridad. Pero esta b\u00fasqueda<br \/>parece ilusoria tal y como es.<br \/>La \u00fanica seguridad que parece fiable es la de una<br \/>cualidad interior de tranquilidad que ya no es cuestionada<br \/>por las circunstancias.<\/p><h2><strong>\u00bfQu\u00eden sufre?<\/strong><\/h2><p>En estos tiempos revueltos, conviene hacer balance.<br \/>\u00bfSon realmente los violentos acontecimientos<br \/>internacionales la causa de la pena y el sufrimiento que<br \/>siento, o se trata s\u00f3lo de otra distracci\u00f3n inventada<br \/>por el ego para encontrar justificaci\u00f3n a un estado de<br \/>insatisfacci\u00f3n creado por mi propia actitud interior?<br \/>Si examinamos el sentimiento de sufrimiento, y<br \/>dejamos que nuestra memoria visite tiempos pasados,<br \/>surge la constataci\u00f3n de que este sufrimiento ya estaba<br \/>presente, mucho antes de la situaci\u00f3n dram\u00e1tica que se<br \/>considera la causa de todos los males.<br \/>\u00bfCu\u00e1l es el origen de este estado de sufrimiento?<br \/>Esta pregunta nos lleva a examinar la naturaleza del<br \/>deseo, es decir, lo que realmente quiero y busco.<br \/>Cuando las conquistas externas e internas no han<br \/>resultado suficientes para saciar mi sed de felicidad, la<br \/>energ\u00eda gastada en esta b\u00fasqueda se agota.<\/p><p>\u00bfY si yo mismo fuera el objeto de mi b\u00fasqueda? \u00bfSer<br \/>el objeto del deseo?<br \/>Una observaci\u00f3n extra\u00f1a.<br \/>Ninguna acci\u00f3n en el \u00e1mbito del hacer es suficiente<br \/>para satisfacer la necesidad de ser.<br \/>\u00bfD\u00f3nde est\u00e1 la fuente de esta necesidad de ser?<br \/>\u00bfPuedo encontrarla ah\u00ed fuera o tengo que mirar<br \/>hacia dentro? La dolorosa contracci\u00f3n da paso a una<br \/>expansi\u00f3n silenciosa. \u00bfPodr\u00eda ser esta expansi\u00f3n lo que<br \/>estoy buscando?<br \/>En esta expansi\u00f3n, mi historia personal se diluye.<br \/>Pierde su importancia, como el sonido de un rel\u00e1mpago<br \/>que resuena en el silencio del desierto, y se ahoga en la<br \/>inmensidad silenciosa.<br \/>Sin m\u00ed, \u00bfqueda alg\u00fan rastro de sufrimiento? \u00bfHay<br \/>alguien que siga sufriendo?<br \/>La desaparici\u00f3n del que sufre significa irrevocablemente<br \/>el fin del sufrimiento.<br \/>Los conflictos contin\u00faan, pero la perspectiva es<br \/>ahora diferente.<br \/>Estos conflictos ya no parecen ser m\u00e1s que la expresi\u00f3n<br \/>de un grito de sufrimiento, que encontrar\u00e1 su<br \/>respuesta, en un primer momento, en la justicia individual,<br \/>familiar, social y econ\u00f3mica, antes de encontrar su<br \/>resoluci\u00f3n en la conciencia libre de la persona.<\/p><p>Desde este punto de vista, los conflictos mundiales<br \/>no son diferentes de mis propios conflictos. Intentar<br \/>resolver los conflictos mundiales sin ver su v\u00ednculo con<br \/>mi estado interior cotidiano s\u00f3lo conducir\u00e1 a soluciones<br \/>transitorias.<br \/>La felicidad que buscamos no es un estado transitorio.<br \/>Es un estado permanente, sentido como un deseo<br \/>imperioso de ser lo que soy.<br \/>Cuando las energ\u00edas dispersas en el mundo de las<br \/>apariencias vuelven a entrar en la conciencia indivisa,<br \/>una armon\u00eda no impuesta puede sustituir entonces a la<br \/>paz organizada, que no es m\u00e1s que una visi\u00f3n distorsionada<br \/>de lo que es la paz.<\/p>\t\t\t\t\t<\/div>\n\t\t\t\t\t\t<\/div>\n\t\t\t\t<\/div>\n\t\t\t\t\t\t<\/div>\n\t\t\t\t\t<\/div>\n\t\t<\/div>\n\t\t\t\t\t\t\t\t<\/div>\n\t\t\t\t\t<\/div>\n\t\t<\/section>\n\t\t\t\t\t\t<\/div>\n\t\t\t\t\t\t<\/div>\n\t\t\t\t\t<\/div>\n\t\t","protected":false},"excerpt":{"rendered":"<h3>EN EL CORAZ\u00d3N DE LO IMPENSABLE<\/h3>\n<h4><em>PSIQUIATR\u00cdA, PSICOTERAPIA Y ESPIRITUALIDAD<\/em><\/h4>\n<p><em>Jean-Marc Mantel<\/em><\/p>\n<p>El Dr. Jean Marc Mantel, complet\u00f3 sus estudios de Psiquiatr\u00eda en la Facultad de Medicina de Paris.<br \/>\nProfundiz\u00f3 y se interes\u00f3 por las ense\u00f1anzas del conocimiento de s\u00ed mismo, transmitidas por Krishnamurti, Ramana Maharshi y Jean Klein. Con este \u00faltimo estudi\u00f3 el autoconocimiento, la meditaci\u00f3n y los enfoques sutiles del yoga. Fund\u00f3 la \u201cAsociaci\u00f3n Internacional de Psiquiatr\u00eda Espiritual\u201d que ha desarrollado numerosos eventos intentando integrar salud mental y espiritual, m\u00e1s recientemente cre\u00f3 la asociaci\u00f3n \u201cEssence\u201d dedicada a la sabidur\u00eda no dual.<br \/>\n\u201cLa palabra espiritual toca nuestra dimensi\u00f3n m\u00e1s \u00edntima, esa que apenas se puede compartir. Dejando revelarse esta dimensi\u00f3n del ser, aparece una vulnerabilidad nueva, no en el seno de una fragilidad, sino en una sensibilidad despojada de las defensas construidas por la personalidad. Las cuestiones relativas a esta parte de nosotros se remiten a m\u00faltiples causas de esquemas preestablecidos, inculcados por la educaci\u00f3n y el medio ambiente.<br \/>\nLa comprensi\u00f3n invita a un abandono total, a un soltar presa completa de todo eso que se piensa ser, de todo eso que se cree ser.<br \/>\nEsta ausencia de nosotros mismos se revela como una presencia portadora de una indescriptible belleza.<br \/>\nVivir la belleza en su esencia, vivir una plenitud sin objeto, ah\u00ed est\u00e1 el fin de una terapia que habr\u00e1 visto la muerte del yo reemplazada por la vida en si misma.\u201d<\/p>\n<p>&nbsp;<\/p>\n<p>&nbsp;<\/p>\n","protected":false},"featured_media":2907,"template":"elementor_header_footer","meta":{"_mi_skip_tracking":false,"_monsterinsights_sitenote_active":false,"_monsterinsights_sitenote_note":"","_monsterinsights_sitenote_category":0},"_links":{"self":[{"href":"https:\/\/edicionesvia.com\/index.php\/wp-json\/wp\/v2\/product\/2906"}],"collection":[{"href":"https:\/\/edicionesvia.com\/index.php\/wp-json\/wp\/v2\/product"}],"about":[{"href":"https:\/\/edicionesvia.com\/index.php\/wp-json\/wp\/v2\/types\/product"}],"version-history":[{"count":13,"href":"https:\/\/edicionesvia.com\/index.php\/wp-json\/wp\/v2\/product\/2906\/revisions"}],"predecessor-version":[{"id":3416,"href":"https:\/\/edicionesvia.com\/index.php\/wp-json\/wp\/v2\/product\/2906\/revisions\/3416"}],"wp:featuredmedia":[{"embeddable":true,"href":"https:\/\/edicionesvia.com\/index.php\/wp-json\/wp\/v2\/media\/2907"}],"wp:attachment":[{"href":"https:\/\/edicionesvia.com\/index.php\/wp-json\/wp\/v2\/media?parent=2906"}],"curies":[{"name":"wp","href":"https:\/\/api.w.org\/{rel}","templated":true}]}}